{"id":1481,"date":"2021-07-01T10:00:53","date_gmt":"2021-07-01T10:00:53","guid":{"rendered":"https:\/\/www.lechateaudelatour.fr\/fr\/?post_type=temoignages&#038;p=1481"},"modified":"2021-07-01T10:07:40","modified_gmt":"2021-07-01T10:07:40","slug":"noces-de-diamant","status":"publish","type":"temoignages","link":"https:\/\/www.lechateaudelatour.fr\/fr\/temoignages\/noces-de-diamant\/","title":{"rendered":"Noces de diamant &#8211; Mme &#038; M. Lemaire &#8211; Juin 2021"},"content":{"rendered":"<p style=\"text-align: left;\">Nous avons pass\u00e9 un excellent moment dans votre \u00e9tablissement et tous nos convives \u00e9taient ravis. Nous tenions mes parents et moi m\u00eame \u00e0 f\u00e9liciter la brigade au service du repas, pour son efficacit\u00e9, son professionnalisme.<\/p>\n<p style=\"text-align: left;\">Une mention tr\u00e8s sp\u00e9ciale pour Am\u00e9lie et sa d\u00e9licatesse envers nous et sa disponibilit\u00e9, une magnifique et comp\u00e9tente maitre d\u2019h\u00f4tel. Transmettez lui toute notre reconnaissance.<\/p>\n<p style=\"text-align: left;\">Merci \u00e0 vous mesdames pour l&rsquo;amont, se rassembler \u00e9tait si important surtout apr\u00e8s cette ann\u00e9e si compliqu\u00e9e.<\/p>\n<p style=\"text-align: left;\">Nous reviendrons et nous vous recommanderons&#8230;<\/p>\n","protected":false},"template":"","meta":{"_acf_changed":false,"footnotes":""},"class_list":["post-1481","temoignages","type-temoignages","status-publish","hentry","categorie_temoignage-mariage"],"acf":[],"yoast_head":"<!-- This site is optimized with the Yoast SEO plugin v26.9 - https:\/\/yoast.com\/product\/yoast-seo-wordpress\/ -->\n<title>Noces de diamant - Mme &amp; M. Lemaire - Juin 2021 &#8211; Le Ch\u00e2teau de la Tour<\/title>\n<meta name=\"robots\" content=\"index, follow, max-snippet:-1, max-image-preview:large, max-video-preview:-1\" \/>\n<link rel=\"canonical\" href=\"https:\/\/www.lechateaudelatour.fr\/fr\/temoignages\/noces-de-diamant\/\" \/>\n<meta property=\"og:locale\" content=\"fr_FR\" \/>\n<meta property=\"og:type\" content=\"article\" \/>\n<meta property=\"og:title\" content=\"Noces de diamant - Mme &amp; M. Lemaire - Juin 2021 &#8211; Le Ch\u00e2teau de la Tour\" \/>\n<meta property=\"og:description\" content=\"Nous avons pass\u00e9 un excellent moment dans votre \u00e9tablissement et tous nos convives \u00e9taient ravis. Nous tenions mes parents et moi m\u00eame \u00e0 f\u00e9liciter la brigade au service du repas, pour son efficacit\u00e9, son professionnalisme. Une mention tr\u00e8s sp\u00e9ciale pour Am\u00e9lie et sa d\u00e9licatesse envers nous et sa disponibilit\u00e9, une magnifique et comp\u00e9tente maitre d\u2019h\u00f4tel. [&hellip;]\" \/>\n<meta property=\"og:url\" content=\"https:\/\/www.lechateaudelatour.fr\/fr\/temoignages\/noces-de-diamant\/\" \/>\n<meta property=\"og:site_name\" content=\"Le Ch\u00e2teau de la Tour\" \/>\n<meta property=\"article:modified_time\" content=\"2021-07-01T10:07:40+00:00\" \/>\n<meta name=\"twitter:card\" content=\"summary_large_image\" \/>\n<script type=\"application\/ld+json\" class=\"yoast-schema-graph\">{\"@context\":\"https:\/\/schema.org\",\"@graph\":[{\"@type\":\"WebPage\",\"@id\":\"https:\/\/www.lechateaudelatour.fr\/fr\/temoignages\/noces-de-diamant\/\",\"url\":\"https:\/\/www.lechateaudelatour.fr\/fr\/temoignages\/noces-de-diamant\/\",\"name\":\"Noces de diamant - Mme & M. Lemaire - Juin 2021 &#8211; Le Ch\u00e2teau de la Tour\",\"isPartOf\":{\"@id\":\"https:\/\/www.lechateaudelatour.fr\/fr\/#website\"},\"datePublished\":\"2021-07-01T10:00:53+00:00\",\"dateModified\":\"2021-07-01T10:07:40+00:00\",\"breadcrumb\":{\"@id\":\"https:\/\/www.lechateaudelatour.fr\/fr\/temoignages\/noces-de-diamant\/#breadcrumb\"},\"inLanguage\":\"fr-FR\",\"potentialAction\":[{\"@type\":\"ReadAction\",\"target\":[\"https:\/\/www.lechateaudelatour.fr\/fr\/temoignages\/noces-de-diamant\/\"]}]},{\"@type\":\"BreadcrumbList\",\"@id\":\"https:\/\/www.lechateaudelatour.fr\/fr\/temoignages\/noces-de-diamant\/#breadcrumb\",\"itemListElement\":[{\"@type\":\"ListItem\",\"position\":1,\"name\":\"Accueil\",\"item\":\"https:\/\/www.lechateaudelatour.fr\/fr\/\"},{\"@type\":\"ListItem\",\"position\":2,\"name\":\"T\u00e9moignages\",\"item\":\"https:\/\/www.lechateaudelatour.fr\/fr\/temoignages\/\"},{\"@type\":\"ListItem\",\"position\":3,\"name\":\"Noces de diamant &#8211; Mme &#038; M. Lemaire &#8211; Juin 2021\"}]},{\"@type\":\"WebSite\",\"@id\":\"https:\/\/www.lechateaudelatour.fr\/fr\/#website\",\"url\":\"https:\/\/www.lechateaudelatour.fr\/fr\/\",\"name\":\"Le Ch\u00e2teau de la Tour\",\"description\":\"H\u00f4tel s\u00e9minaire et mariage \u00e0 Chantilly\",\"potentialAction\":[{\"@type\":\"SearchAction\",\"target\":{\"@type\":\"EntryPoint\",\"urlTemplate\":\"https:\/\/www.lechateaudelatour.fr\/fr\/?s={search_term_string}\"},\"query-input\":{\"@type\":\"PropertyValueSpecification\",\"valueRequired\":true,\"valueName\":\"search_term_string\"}}],\"inLanguage\":\"fr-FR\"}]}<\/script>\n<!-- \/ Yoast SEO plugin. -->","yoast_head_json":{"title":"Noces de diamant - Mme & M. Lemaire - Juin 2021 &#8211; Le Ch\u00e2teau de la Tour","robots":{"index":"index","follow":"follow","max-snippet":"max-snippet:-1","max-image-preview":"max-image-preview:large","max-video-preview":"max-video-preview:-1"},"canonical":"https:\/\/www.lechateaudelatour.fr\/fr\/temoignages\/noces-de-diamant\/","og_locale":"fr_FR","og_type":"article","og_title":"Noces de diamant - Mme & M. Lemaire - Juin 2021 &#8211; Le Ch\u00e2teau de la Tour","og_description":"Nous avons pass\u00e9 un excellent moment dans votre \u00e9tablissement et tous nos convives \u00e9taient ravis. Nous tenions mes parents et moi m\u00eame \u00e0 f\u00e9liciter la brigade au service du repas, pour son efficacit\u00e9, son professionnalisme. Une mention tr\u00e8s sp\u00e9ciale pour Am\u00e9lie et sa d\u00e9licatesse envers nous et sa disponibilit\u00e9, une magnifique et comp\u00e9tente maitre d\u2019h\u00f4tel. [&hellip;]","og_url":"https:\/\/www.lechateaudelatour.fr\/fr\/temoignages\/noces-de-diamant\/","og_site_name":"Le Ch\u00e2teau de la Tour","article_modified_time":"2021-07-01T10:07:40+00:00","twitter_card":"summary_large_image","schema":{"@context":"https:\/\/schema.org","@graph":[{"@type":"WebPage","@id":"https:\/\/www.lechateaudelatour.fr\/fr\/temoignages\/noces-de-diamant\/","url":"https:\/\/www.lechateaudelatour.fr\/fr\/temoignages\/noces-de-diamant\/","name":"Noces de diamant - Mme & M. Lemaire - Juin 2021 &#8211; Le Ch\u00e2teau de la Tour","isPartOf":{"@id":"https:\/\/www.lechateaudelatour.fr\/fr\/#website"},"datePublished":"2021-07-01T10:00:53+00:00","dateModified":"2021-07-01T10:07:40+00:00","breadcrumb":{"@id":"https:\/\/www.lechateaudelatour.fr\/fr\/temoignages\/noces-de-diamant\/#breadcrumb"},"inLanguage":"fr-FR","potentialAction":[{"@type":"ReadAction","target":["https:\/\/www.lechateaudelatour.fr\/fr\/temoignages\/noces-de-diamant\/"]}]},{"@type":"BreadcrumbList","@id":"https:\/\/www.lechateaudelatour.fr\/fr\/temoignages\/noces-de-diamant\/#breadcrumb","itemListElement":[{"@type":"ListItem","position":1,"name":"Accueil","item":"https:\/\/www.lechateaudelatour.fr\/fr\/"},{"@type":"ListItem","position":2,"name":"T\u00e9moignages","item":"https:\/\/www.lechateaudelatour.fr\/fr\/temoignages\/"},{"@type":"ListItem","position":3,"name":"Noces de diamant &#8211; Mme &#038; M. Lemaire &#8211; Juin 2021"}]},{"@type":"WebSite","@id":"https:\/\/www.lechateaudelatour.fr\/fr\/#website","url":"https:\/\/www.lechateaudelatour.fr\/fr\/","name":"Le Ch\u00e2teau de la Tour","description":"H\u00f4tel s\u00e9minaire et mariage \u00e0 Chantilly","potentialAction":[{"@type":"SearchAction","target":{"@type":"EntryPoint","urlTemplate":"https:\/\/www.lechateaudelatour.fr\/fr\/?s={search_term_string}"},"query-input":{"@type":"PropertyValueSpecification","valueRequired":true,"valueName":"search_term_string"}}],"inLanguage":"fr-FR"}]}},"_links":{"self":[{"href":"https:\/\/www.lechateaudelatour.fr\/fr\/wp-json\/wp\/v2\/temoignages\/1481","targetHints":{"allow":["GET"]}}],"collection":[{"href":"https:\/\/www.lechateaudelatour.fr\/fr\/wp-json\/wp\/v2\/temoignages"}],"about":[{"href":"https:\/\/www.lechateaudelatour.fr\/fr\/wp-json\/wp\/v2\/types\/temoignages"}],"version-history":[{"count":6,"href":"https:\/\/www.lechateaudelatour.fr\/fr\/wp-json\/wp\/v2\/temoignages\/1481\/revisions"}],"predecessor-version":[{"id":1487,"href":"https:\/\/www.lechateaudelatour.fr\/fr\/wp-json\/wp\/v2\/temoignages\/1481\/revisions\/1487"}],"wp:attachment":[{"href":"https:\/\/www.lechateaudelatour.fr\/fr\/wp-json\/wp\/v2\/media?parent=1481"}],"curies":[{"name":"wp","href":"https:\/\/api.w.org\/{rel}","templated":true}]}}