{"id":1838,"date":"2022-06-28T08:52:53","date_gmt":"2022-06-28T08:52:53","guid":{"rendered":"https:\/\/www.lechateaudelatour.fr\/fr\/?post_type=temoignages&#038;p=1838"},"modified":"2022-06-28T08:52:53","modified_gmt":"2022-06-28T08:52:53","slug":"anais-jimmy-juin-2022","status":"publish","type":"temoignages","link":"https:\/\/www.lechateaudelatour.fr\/fr\/temoignages\/anais-jimmy-juin-2022\/","title":{"rendered":"Ana\u00efs &#038; Jimmy &#8211; Juin 2022"},"content":{"rendered":"<p>Concernant notre mariage, nous voulions r\u00e9it\u00e9rer nos remerciements les plus sinc\u00e8res \u00e0 l&rsquo;ensemble des \u00e9quipes du Ch\u00e2teau de la Tour.<\/p>\n<p>Notre famille et nos amis ont tout simplement \u00e9t\u00e9 conquis aussi bien par le cadre, que par la qualit\u00e9 des diff\u00e9rents mets, ou la gentillesse \/ l&rsquo;\u00e9coute et le professionnalisme de vos \u00e9quipes.<\/p>\n<p>En bref, et mis \u00e0 part la pluie nous ayant emp\u00each\u00e9 de profiter de la terrasse lors du vin d&rsquo;honneur, tout \u00e9tait parfait !!<\/p>\n","protected":false},"template":"","meta":{"_acf_changed":false,"footnotes":""},"class_list":["post-1838","temoignages","type-temoignages","status-publish","hentry","categorie_temoignage-mariage"],"acf":[],"yoast_head":"<!-- This site is optimized with the Yoast SEO plugin v26.9 - https:\/\/yoast.com\/product\/yoast-seo-wordpress\/ -->\n<title>Ana\u00efs &amp; Jimmy - Juin 2022 &#8211; Le Ch\u00e2teau de la Tour<\/title>\n<meta name=\"robots\" content=\"index, follow, max-snippet:-1, max-image-preview:large, max-video-preview:-1\" \/>\n<link rel=\"canonical\" href=\"https:\/\/www.lechateaudelatour.fr\/fr\/temoignages\/anais-jimmy-juin-2022\/\" \/>\n<meta property=\"og:locale\" content=\"fr_FR\" \/>\n<meta property=\"og:type\" content=\"article\" \/>\n<meta property=\"og:title\" content=\"Ana\u00efs &amp; Jimmy - Juin 2022 &#8211; Le Ch\u00e2teau de la Tour\" \/>\n<meta property=\"og:description\" content=\"Concernant notre mariage, nous voulions r\u00e9it\u00e9rer nos remerciements les plus sinc\u00e8res \u00e0 l&rsquo;ensemble des \u00e9quipes du Ch\u00e2teau de la Tour. Notre famille et nos amis ont tout simplement \u00e9t\u00e9 conquis aussi bien par le cadre, que par la qualit\u00e9 des diff\u00e9rents mets, ou la gentillesse \/ l&rsquo;\u00e9coute et le professionnalisme de vos \u00e9quipes. En bref, [&hellip;]\" \/>\n<meta property=\"og:url\" content=\"https:\/\/www.lechateaudelatour.fr\/fr\/temoignages\/anais-jimmy-juin-2022\/\" \/>\n<meta property=\"og:site_name\" content=\"Le Ch\u00e2teau de la Tour\" \/>\n<meta name=\"twitter:card\" content=\"summary_large_image\" \/>\n<script type=\"application\/ld+json\" class=\"yoast-schema-graph\">{\"@context\":\"https:\/\/schema.org\",\"@graph\":[{\"@type\":\"WebPage\",\"@id\":\"https:\/\/www.lechateaudelatour.fr\/fr\/temoignages\/anais-jimmy-juin-2022\/\",\"url\":\"https:\/\/www.lechateaudelatour.fr\/fr\/temoignages\/anais-jimmy-juin-2022\/\",\"name\":\"Ana\u00efs & Jimmy - Juin 2022 &#8211; Le Ch\u00e2teau de la Tour\",\"isPartOf\":{\"@id\":\"https:\/\/www.lechateaudelatour.fr\/fr\/#website\"},\"datePublished\":\"2022-06-28T08:52:53+00:00\",\"breadcrumb\":{\"@id\":\"https:\/\/www.lechateaudelatour.fr\/fr\/temoignages\/anais-jimmy-juin-2022\/#breadcrumb\"},\"inLanguage\":\"fr-FR\",\"potentialAction\":[{\"@type\":\"ReadAction\",\"target\":[\"https:\/\/www.lechateaudelatour.fr\/fr\/temoignages\/anais-jimmy-juin-2022\/\"]}]},{\"@type\":\"BreadcrumbList\",\"@id\":\"https:\/\/www.lechateaudelatour.fr\/fr\/temoignages\/anais-jimmy-juin-2022\/#breadcrumb\",\"itemListElement\":[{\"@type\":\"ListItem\",\"position\":1,\"name\":\"Accueil\",\"item\":\"https:\/\/www.lechateaudelatour.fr\/fr\/\"},{\"@type\":\"ListItem\",\"position\":2,\"name\":\"T\u00e9moignages\",\"item\":\"https:\/\/www.lechateaudelatour.fr\/fr\/temoignages\/\"},{\"@type\":\"ListItem\",\"position\":3,\"name\":\"Ana\u00efs &#038; Jimmy &#8211; Juin 2022\"}]},{\"@type\":\"WebSite\",\"@id\":\"https:\/\/www.lechateaudelatour.fr\/fr\/#website\",\"url\":\"https:\/\/www.lechateaudelatour.fr\/fr\/\",\"name\":\"Le Ch\u00e2teau de la Tour\",\"description\":\"H\u00f4tel s\u00e9minaire et mariage \u00e0 Chantilly\",\"potentialAction\":[{\"@type\":\"SearchAction\",\"target\":{\"@type\":\"EntryPoint\",\"urlTemplate\":\"https:\/\/www.lechateaudelatour.fr\/fr\/?s={search_term_string}\"},\"query-input\":{\"@type\":\"PropertyValueSpecification\",\"valueRequired\":true,\"valueName\":\"search_term_string\"}}],\"inLanguage\":\"fr-FR\"}]}<\/script>\n<!-- \/ Yoast SEO plugin. -->","yoast_head_json":{"title":"Ana\u00efs & Jimmy - Juin 2022 &#8211; Le Ch\u00e2teau de la Tour","robots":{"index":"index","follow":"follow","max-snippet":"max-snippet:-1","max-image-preview":"max-image-preview:large","max-video-preview":"max-video-preview:-1"},"canonical":"https:\/\/www.lechateaudelatour.fr\/fr\/temoignages\/anais-jimmy-juin-2022\/","og_locale":"fr_FR","og_type":"article","og_title":"Ana\u00efs & Jimmy - Juin 2022 &#8211; Le Ch\u00e2teau de la Tour","og_description":"Concernant notre mariage, nous voulions r\u00e9it\u00e9rer nos remerciements les plus sinc\u00e8res \u00e0 l&rsquo;ensemble des \u00e9quipes du Ch\u00e2teau de la Tour. Notre famille et nos amis ont tout simplement \u00e9t\u00e9 conquis aussi bien par le cadre, que par la qualit\u00e9 des diff\u00e9rents mets, ou la gentillesse \/ l&rsquo;\u00e9coute et le professionnalisme de vos \u00e9quipes. En bref, [&hellip;]","og_url":"https:\/\/www.lechateaudelatour.fr\/fr\/temoignages\/anais-jimmy-juin-2022\/","og_site_name":"Le Ch\u00e2teau de la Tour","twitter_card":"summary_large_image","schema":{"@context":"https:\/\/schema.org","@graph":[{"@type":"WebPage","@id":"https:\/\/www.lechateaudelatour.fr\/fr\/temoignages\/anais-jimmy-juin-2022\/","url":"https:\/\/www.lechateaudelatour.fr\/fr\/temoignages\/anais-jimmy-juin-2022\/","name":"Ana\u00efs & Jimmy - Juin 2022 &#8211; Le Ch\u00e2teau de la Tour","isPartOf":{"@id":"https:\/\/www.lechateaudelatour.fr\/fr\/#website"},"datePublished":"2022-06-28T08:52:53+00:00","breadcrumb":{"@id":"https:\/\/www.lechateaudelatour.fr\/fr\/temoignages\/anais-jimmy-juin-2022\/#breadcrumb"},"inLanguage":"fr-FR","potentialAction":[{"@type":"ReadAction","target":["https:\/\/www.lechateaudelatour.fr\/fr\/temoignages\/anais-jimmy-juin-2022\/"]}]},{"@type":"BreadcrumbList","@id":"https:\/\/www.lechateaudelatour.fr\/fr\/temoignages\/anais-jimmy-juin-2022\/#breadcrumb","itemListElement":[{"@type":"ListItem","position":1,"name":"Accueil","item":"https:\/\/www.lechateaudelatour.fr\/fr\/"},{"@type":"ListItem","position":2,"name":"T\u00e9moignages","item":"https:\/\/www.lechateaudelatour.fr\/fr\/temoignages\/"},{"@type":"ListItem","position":3,"name":"Ana\u00efs &#038; Jimmy &#8211; Juin 2022"}]},{"@type":"WebSite","@id":"https:\/\/www.lechateaudelatour.fr\/fr\/#website","url":"https:\/\/www.lechateaudelatour.fr\/fr\/","name":"Le Ch\u00e2teau de la Tour","description":"H\u00f4tel s\u00e9minaire et mariage \u00e0 Chantilly","potentialAction":[{"@type":"SearchAction","target":{"@type":"EntryPoint","urlTemplate":"https:\/\/www.lechateaudelatour.fr\/fr\/?s={search_term_string}"},"query-input":{"@type":"PropertyValueSpecification","valueRequired":true,"valueName":"search_term_string"}}],"inLanguage":"fr-FR"}]}},"_links":{"self":[{"href":"https:\/\/www.lechateaudelatour.fr\/fr\/wp-json\/wp\/v2\/temoignages\/1838","targetHints":{"allow":["GET"]}}],"collection":[{"href":"https:\/\/www.lechateaudelatour.fr\/fr\/wp-json\/wp\/v2\/temoignages"}],"about":[{"href":"https:\/\/www.lechateaudelatour.fr\/fr\/wp-json\/wp\/v2\/types\/temoignages"}],"version-history":[{"count":1,"href":"https:\/\/www.lechateaudelatour.fr\/fr\/wp-json\/wp\/v2\/temoignages\/1838\/revisions"}],"predecessor-version":[{"id":1839,"href":"https:\/\/www.lechateaudelatour.fr\/fr\/wp-json\/wp\/v2\/temoignages\/1838\/revisions\/1839"}],"wp:attachment":[{"href":"https:\/\/www.lechateaudelatour.fr\/fr\/wp-json\/wp\/v2\/media?parent=1838"}],"curies":[{"name":"wp","href":"https:\/\/api.w.org\/{rel}","templated":true}]}}