{"id":2201,"date":"2022-12-09T16:02:02","date_gmt":"2022-12-09T16:02:02","guid":{"rendered":"https:\/\/www.lechateaudelatour.fr\/fr\/?post_type=temoignages&#038;p=2201"},"modified":"2022-12-09T16:02:15","modified_gmt":"2022-12-09T16:02:15","slug":"proxiad-septembre-2022","status":"publish","type":"temoignages","link":"https:\/\/www.lechateaudelatour.fr\/fr\/temoignages\/proxiad-septembre-2022\/","title":{"rendered":"PROXIAD &#8211; Septembre 2022"},"content":{"rendered":"<p>Je tiens \u00e0 vous remercier pour l\u2019organisation de notre s\u00e9minaire.<\/p>\n<p>Tout s\u2019est tr\u00e8s bien d\u00e9roul\u00e9 et nos collaborateurs ont beaucoup appr\u00e9ci\u00e9 le cadre du ch\u00e2teau.<\/p>\n<p>Un grand merci \u00e9galement \u00e0 votre \u00e9quipe pour leur accueil et la qualit\u00e9 de leurs services\u00a0!<\/p>\n","protected":false},"template":"","meta":{"_acf_changed":false,"footnotes":""},"class_list":["post-2201","temoignages","type-temoignages","status-publish","hentry","categorie_temoignage-seminaire"],"acf":[],"yoast_head":"<!-- This site is optimized with the Yoast SEO plugin v26.9 - https:\/\/yoast.com\/product\/yoast-seo-wordpress\/ -->\n<title>PROXIAD - Septembre 2022 &#8211; Le Ch\u00e2teau de la Tour<\/title>\n<meta name=\"robots\" content=\"index, follow, max-snippet:-1, max-image-preview:large, max-video-preview:-1\" \/>\n<link rel=\"canonical\" href=\"https:\/\/www.lechateaudelatour.fr\/fr\/temoignages\/proxiad-septembre-2022\/\" \/>\n<meta property=\"og:locale\" content=\"fr_FR\" \/>\n<meta property=\"og:type\" content=\"article\" \/>\n<meta property=\"og:title\" content=\"PROXIAD - Septembre 2022 &#8211; Le Ch\u00e2teau de la Tour\" \/>\n<meta property=\"og:description\" content=\"Je tiens \u00e0 vous remercier pour l\u2019organisation de notre s\u00e9minaire. Tout s\u2019est tr\u00e8s bien d\u00e9roul\u00e9 et nos collaborateurs ont beaucoup appr\u00e9ci\u00e9 le cadre du ch\u00e2teau. Un grand merci \u00e9galement \u00e0 votre \u00e9quipe pour leur accueil et la qualit\u00e9 de leurs services\u00a0!\" \/>\n<meta property=\"og:url\" content=\"https:\/\/www.lechateaudelatour.fr\/fr\/temoignages\/proxiad-septembre-2022\/\" \/>\n<meta property=\"og:site_name\" content=\"Le Ch\u00e2teau de la Tour\" \/>\n<meta property=\"article:modified_time\" content=\"2022-12-09T16:02:15+00:00\" \/>\n<meta name=\"twitter:card\" content=\"summary_large_image\" \/>\n<script type=\"application\/ld+json\" class=\"yoast-schema-graph\">{\"@context\":\"https:\/\/schema.org\",\"@graph\":[{\"@type\":\"WebPage\",\"@id\":\"https:\/\/www.lechateaudelatour.fr\/fr\/temoignages\/proxiad-septembre-2022\/\",\"url\":\"https:\/\/www.lechateaudelatour.fr\/fr\/temoignages\/proxiad-septembre-2022\/\",\"name\":\"PROXIAD - Septembre 2022 &#8211; Le Ch\u00e2teau de la Tour\",\"isPartOf\":{\"@id\":\"https:\/\/www.lechateaudelatour.fr\/fr\/#website\"},\"datePublished\":\"2022-12-09T16:02:02+00:00\",\"dateModified\":\"2022-12-09T16:02:15+00:00\",\"breadcrumb\":{\"@id\":\"https:\/\/www.lechateaudelatour.fr\/fr\/temoignages\/proxiad-septembre-2022\/#breadcrumb\"},\"inLanguage\":\"fr-FR\",\"potentialAction\":[{\"@type\":\"ReadAction\",\"target\":[\"https:\/\/www.lechateaudelatour.fr\/fr\/temoignages\/proxiad-septembre-2022\/\"]}]},{\"@type\":\"BreadcrumbList\",\"@id\":\"https:\/\/www.lechateaudelatour.fr\/fr\/temoignages\/proxiad-septembre-2022\/#breadcrumb\",\"itemListElement\":[{\"@type\":\"ListItem\",\"position\":1,\"name\":\"Accueil\",\"item\":\"https:\/\/www.lechateaudelatour.fr\/fr\/\"},{\"@type\":\"ListItem\",\"position\":2,\"name\":\"T\u00e9moignages\",\"item\":\"https:\/\/www.lechateaudelatour.fr\/fr\/temoignages\/\"},{\"@type\":\"ListItem\",\"position\":3,\"name\":\"PROXIAD &#8211; Septembre 2022\"}]},{\"@type\":\"WebSite\",\"@id\":\"https:\/\/www.lechateaudelatour.fr\/fr\/#website\",\"url\":\"https:\/\/www.lechateaudelatour.fr\/fr\/\",\"name\":\"Le Ch\u00e2teau de la Tour\",\"description\":\"H\u00f4tel s\u00e9minaire et mariage \u00e0 Chantilly\",\"potentialAction\":[{\"@type\":\"SearchAction\",\"target\":{\"@type\":\"EntryPoint\",\"urlTemplate\":\"https:\/\/www.lechateaudelatour.fr\/fr\/?s={search_term_string}\"},\"query-input\":{\"@type\":\"PropertyValueSpecification\",\"valueRequired\":true,\"valueName\":\"search_term_string\"}}],\"inLanguage\":\"fr-FR\"}]}<\/script>\n<!-- \/ Yoast SEO plugin. -->","yoast_head_json":{"title":"PROXIAD - Septembre 2022 &#8211; Le Ch\u00e2teau de la Tour","robots":{"index":"index","follow":"follow","max-snippet":"max-snippet:-1","max-image-preview":"max-image-preview:large","max-video-preview":"max-video-preview:-1"},"canonical":"https:\/\/www.lechateaudelatour.fr\/fr\/temoignages\/proxiad-septembre-2022\/","og_locale":"fr_FR","og_type":"article","og_title":"PROXIAD - Septembre 2022 &#8211; Le Ch\u00e2teau de la Tour","og_description":"Je tiens \u00e0 vous remercier pour l\u2019organisation de notre s\u00e9minaire. Tout s\u2019est tr\u00e8s bien d\u00e9roul\u00e9 et nos collaborateurs ont beaucoup appr\u00e9ci\u00e9 le cadre du ch\u00e2teau. Un grand merci \u00e9galement \u00e0 votre \u00e9quipe pour leur accueil et la qualit\u00e9 de leurs services\u00a0!","og_url":"https:\/\/www.lechateaudelatour.fr\/fr\/temoignages\/proxiad-septembre-2022\/","og_site_name":"Le Ch\u00e2teau de la Tour","article_modified_time":"2022-12-09T16:02:15+00:00","twitter_card":"summary_large_image","schema":{"@context":"https:\/\/schema.org","@graph":[{"@type":"WebPage","@id":"https:\/\/www.lechateaudelatour.fr\/fr\/temoignages\/proxiad-septembre-2022\/","url":"https:\/\/www.lechateaudelatour.fr\/fr\/temoignages\/proxiad-septembre-2022\/","name":"PROXIAD - Septembre 2022 &#8211; Le Ch\u00e2teau de la Tour","isPartOf":{"@id":"https:\/\/www.lechateaudelatour.fr\/fr\/#website"},"datePublished":"2022-12-09T16:02:02+00:00","dateModified":"2022-12-09T16:02:15+00:00","breadcrumb":{"@id":"https:\/\/www.lechateaudelatour.fr\/fr\/temoignages\/proxiad-septembre-2022\/#breadcrumb"},"inLanguage":"fr-FR","potentialAction":[{"@type":"ReadAction","target":["https:\/\/www.lechateaudelatour.fr\/fr\/temoignages\/proxiad-septembre-2022\/"]}]},{"@type":"BreadcrumbList","@id":"https:\/\/www.lechateaudelatour.fr\/fr\/temoignages\/proxiad-septembre-2022\/#breadcrumb","itemListElement":[{"@type":"ListItem","position":1,"name":"Accueil","item":"https:\/\/www.lechateaudelatour.fr\/fr\/"},{"@type":"ListItem","position":2,"name":"T\u00e9moignages","item":"https:\/\/www.lechateaudelatour.fr\/fr\/temoignages\/"},{"@type":"ListItem","position":3,"name":"PROXIAD &#8211; Septembre 2022"}]},{"@type":"WebSite","@id":"https:\/\/www.lechateaudelatour.fr\/fr\/#website","url":"https:\/\/www.lechateaudelatour.fr\/fr\/","name":"Le Ch\u00e2teau de la Tour","description":"H\u00f4tel s\u00e9minaire et mariage \u00e0 Chantilly","potentialAction":[{"@type":"SearchAction","target":{"@type":"EntryPoint","urlTemplate":"https:\/\/www.lechateaudelatour.fr\/fr\/?s={search_term_string}"},"query-input":{"@type":"PropertyValueSpecification","valueRequired":true,"valueName":"search_term_string"}}],"inLanguage":"fr-FR"}]}},"_links":{"self":[{"href":"https:\/\/www.lechateaudelatour.fr\/fr\/wp-json\/wp\/v2\/temoignages\/2201","targetHints":{"allow":["GET"]}}],"collection":[{"href":"https:\/\/www.lechateaudelatour.fr\/fr\/wp-json\/wp\/v2\/temoignages"}],"about":[{"href":"https:\/\/www.lechateaudelatour.fr\/fr\/wp-json\/wp\/v2\/types\/temoignages"}],"version-history":[{"count":1,"href":"https:\/\/www.lechateaudelatour.fr\/fr\/wp-json\/wp\/v2\/temoignages\/2201\/revisions"}],"predecessor-version":[{"id":2202,"href":"https:\/\/www.lechateaudelatour.fr\/fr\/wp-json\/wp\/v2\/temoignages\/2201\/revisions\/2202"}],"wp:attachment":[{"href":"https:\/\/www.lechateaudelatour.fr\/fr\/wp-json\/wp\/v2\/media?parent=2201"}],"curies":[{"name":"wp","href":"https:\/\/api.w.org\/{rel}","templated":true}]}}