{"id":2483,"date":"2023-03-21T09:45:31","date_gmt":"2023-03-21T09:45:31","guid":{"rendered":"https:\/\/www.lechateaudelatour.fr\/fr\/?post_type=temoignages&#038;p=2483"},"modified":"2023-03-21T09:46:39","modified_gmt":"2023-03-21T09:46:39","slug":"soiree-bel-canto-mme-mr-m-mars-2023","status":"publish","type":"temoignages","link":"https:\/\/www.lechateaudelatour.fr\/fr\/temoignages\/soiree-bel-canto-mme-mr-m-mars-2023\/","title":{"rendered":"Mme &#038; Mr M. &#8211; Mars 2023"},"content":{"rendered":"<p>Mon \u00e9pouse et moi-m\u00eame avons pass\u00e9 un tr\u00e8s agr\u00e9able moment \u00e0 l\u2019occasion de la soir\u00e9e lyrique ce samedi. F\u00e9licitations \u00e0 toute votre \u00e9quipe pour l\u2019initiative de l\u2019organisation d\u2019une soir\u00e9e \u00ab\u00a0bel canto\u00a0\u00bb et pour le\u00a0bon d\u00e9roulement du d\u00eener.<\/p>\n","protected":false},"template":"","meta":{"_acf_changed":false,"footnotes":""},"class_list":["post-2483","temoignages","type-temoignages","status-publish","hentry","categorie_temoignage-restaurant"],"acf":[],"yoast_head":"<!-- This site is optimized with the Yoast SEO plugin v26.9 - https:\/\/yoast.com\/product\/yoast-seo-wordpress\/ -->\n<title>Mme &amp; Mr M. - Mars 2023 &#8211; Le Ch\u00e2teau de la Tour<\/title>\n<meta name=\"robots\" content=\"index, follow, max-snippet:-1, max-image-preview:large, max-video-preview:-1\" \/>\n<link rel=\"canonical\" href=\"https:\/\/www.lechateaudelatour.fr\/fr\/temoignages\/soiree-bel-canto-mme-mr-m-mars-2023\/\" \/>\n<meta property=\"og:locale\" content=\"fr_FR\" \/>\n<meta property=\"og:type\" content=\"article\" \/>\n<meta property=\"og:title\" content=\"Mme &amp; Mr M. - Mars 2023 &#8211; Le Ch\u00e2teau de la Tour\" \/>\n<meta property=\"og:description\" content=\"Mon \u00e9pouse et moi-m\u00eame avons pass\u00e9 un tr\u00e8s agr\u00e9able moment \u00e0 l\u2019occasion de la soir\u00e9e lyrique ce samedi. F\u00e9licitations \u00e0 toute votre \u00e9quipe pour l\u2019initiative de l\u2019organisation d\u2019une soir\u00e9e \u00ab\u00a0bel canto\u00a0\u00bb et pour le\u00a0bon d\u00e9roulement du d\u00eener.\" \/>\n<meta property=\"og:url\" content=\"https:\/\/www.lechateaudelatour.fr\/fr\/temoignages\/soiree-bel-canto-mme-mr-m-mars-2023\/\" \/>\n<meta property=\"og:site_name\" content=\"Le Ch\u00e2teau de la Tour\" \/>\n<meta property=\"article:modified_time\" content=\"2023-03-21T09:46:39+00:00\" \/>\n<meta name=\"twitter:card\" content=\"summary_large_image\" \/>\n<script type=\"application\/ld+json\" class=\"yoast-schema-graph\">{\"@context\":\"https:\/\/schema.org\",\"@graph\":[{\"@type\":\"WebPage\",\"@id\":\"https:\/\/www.lechateaudelatour.fr\/fr\/temoignages\/soiree-bel-canto-mme-mr-m-mars-2023\/\",\"url\":\"https:\/\/www.lechateaudelatour.fr\/fr\/temoignages\/soiree-bel-canto-mme-mr-m-mars-2023\/\",\"name\":\"Mme & Mr M. - Mars 2023 &#8211; Le Ch\u00e2teau de la Tour\",\"isPartOf\":{\"@id\":\"https:\/\/www.lechateaudelatour.fr\/fr\/#website\"},\"datePublished\":\"2023-03-21T09:45:31+00:00\",\"dateModified\":\"2023-03-21T09:46:39+00:00\",\"breadcrumb\":{\"@id\":\"https:\/\/www.lechateaudelatour.fr\/fr\/temoignages\/soiree-bel-canto-mme-mr-m-mars-2023\/#breadcrumb\"},\"inLanguage\":\"fr-FR\",\"potentialAction\":[{\"@type\":\"ReadAction\",\"target\":[\"https:\/\/www.lechateaudelatour.fr\/fr\/temoignages\/soiree-bel-canto-mme-mr-m-mars-2023\/\"]}]},{\"@type\":\"BreadcrumbList\",\"@id\":\"https:\/\/www.lechateaudelatour.fr\/fr\/temoignages\/soiree-bel-canto-mme-mr-m-mars-2023\/#breadcrumb\",\"itemListElement\":[{\"@type\":\"ListItem\",\"position\":1,\"name\":\"Accueil\",\"item\":\"https:\/\/www.lechateaudelatour.fr\/fr\/\"},{\"@type\":\"ListItem\",\"position\":2,\"name\":\"T\u00e9moignages\",\"item\":\"https:\/\/www.lechateaudelatour.fr\/fr\/temoignages\/\"},{\"@type\":\"ListItem\",\"position\":3,\"name\":\"Mme &#038; Mr M. &#8211; Mars 2023\"}]},{\"@type\":\"WebSite\",\"@id\":\"https:\/\/www.lechateaudelatour.fr\/fr\/#website\",\"url\":\"https:\/\/www.lechateaudelatour.fr\/fr\/\",\"name\":\"Le Ch\u00e2teau de la Tour\",\"description\":\"H\u00f4tel s\u00e9minaire et mariage \u00e0 Chantilly\",\"potentialAction\":[{\"@type\":\"SearchAction\",\"target\":{\"@type\":\"EntryPoint\",\"urlTemplate\":\"https:\/\/www.lechateaudelatour.fr\/fr\/?s={search_term_string}\"},\"query-input\":{\"@type\":\"PropertyValueSpecification\",\"valueRequired\":true,\"valueName\":\"search_term_string\"}}],\"inLanguage\":\"fr-FR\"}]}<\/script>\n<!-- \/ Yoast SEO plugin. -->","yoast_head_json":{"title":"Mme & Mr M. - Mars 2023 &#8211; Le Ch\u00e2teau de la Tour","robots":{"index":"index","follow":"follow","max-snippet":"max-snippet:-1","max-image-preview":"max-image-preview:large","max-video-preview":"max-video-preview:-1"},"canonical":"https:\/\/www.lechateaudelatour.fr\/fr\/temoignages\/soiree-bel-canto-mme-mr-m-mars-2023\/","og_locale":"fr_FR","og_type":"article","og_title":"Mme & Mr M. - Mars 2023 &#8211; Le Ch\u00e2teau de la Tour","og_description":"Mon \u00e9pouse et moi-m\u00eame avons pass\u00e9 un tr\u00e8s agr\u00e9able moment \u00e0 l\u2019occasion de la soir\u00e9e lyrique ce samedi. F\u00e9licitations \u00e0 toute votre \u00e9quipe pour l\u2019initiative de l\u2019organisation d\u2019une soir\u00e9e \u00ab\u00a0bel canto\u00a0\u00bb et pour le\u00a0bon d\u00e9roulement du d\u00eener.","og_url":"https:\/\/www.lechateaudelatour.fr\/fr\/temoignages\/soiree-bel-canto-mme-mr-m-mars-2023\/","og_site_name":"Le Ch\u00e2teau de la Tour","article_modified_time":"2023-03-21T09:46:39+00:00","twitter_card":"summary_large_image","schema":{"@context":"https:\/\/schema.org","@graph":[{"@type":"WebPage","@id":"https:\/\/www.lechateaudelatour.fr\/fr\/temoignages\/soiree-bel-canto-mme-mr-m-mars-2023\/","url":"https:\/\/www.lechateaudelatour.fr\/fr\/temoignages\/soiree-bel-canto-mme-mr-m-mars-2023\/","name":"Mme & Mr M. - Mars 2023 &#8211; Le Ch\u00e2teau de la Tour","isPartOf":{"@id":"https:\/\/www.lechateaudelatour.fr\/fr\/#website"},"datePublished":"2023-03-21T09:45:31+00:00","dateModified":"2023-03-21T09:46:39+00:00","breadcrumb":{"@id":"https:\/\/www.lechateaudelatour.fr\/fr\/temoignages\/soiree-bel-canto-mme-mr-m-mars-2023\/#breadcrumb"},"inLanguage":"fr-FR","potentialAction":[{"@type":"ReadAction","target":["https:\/\/www.lechateaudelatour.fr\/fr\/temoignages\/soiree-bel-canto-mme-mr-m-mars-2023\/"]}]},{"@type":"BreadcrumbList","@id":"https:\/\/www.lechateaudelatour.fr\/fr\/temoignages\/soiree-bel-canto-mme-mr-m-mars-2023\/#breadcrumb","itemListElement":[{"@type":"ListItem","position":1,"name":"Accueil","item":"https:\/\/www.lechateaudelatour.fr\/fr\/"},{"@type":"ListItem","position":2,"name":"T\u00e9moignages","item":"https:\/\/www.lechateaudelatour.fr\/fr\/temoignages\/"},{"@type":"ListItem","position":3,"name":"Mme &#038; Mr M. &#8211; Mars 2023"}]},{"@type":"WebSite","@id":"https:\/\/www.lechateaudelatour.fr\/fr\/#website","url":"https:\/\/www.lechateaudelatour.fr\/fr\/","name":"Le Ch\u00e2teau de la Tour","description":"H\u00f4tel s\u00e9minaire et mariage \u00e0 Chantilly","potentialAction":[{"@type":"SearchAction","target":{"@type":"EntryPoint","urlTemplate":"https:\/\/www.lechateaudelatour.fr\/fr\/?s={search_term_string}"},"query-input":{"@type":"PropertyValueSpecification","valueRequired":true,"valueName":"search_term_string"}}],"inLanguage":"fr-FR"}]}},"_links":{"self":[{"href":"https:\/\/www.lechateaudelatour.fr\/fr\/wp-json\/wp\/v2\/temoignages\/2483","targetHints":{"allow":["GET"]}}],"collection":[{"href":"https:\/\/www.lechateaudelatour.fr\/fr\/wp-json\/wp\/v2\/temoignages"}],"about":[{"href":"https:\/\/www.lechateaudelatour.fr\/fr\/wp-json\/wp\/v2\/types\/temoignages"}],"version-history":[{"count":2,"href":"https:\/\/www.lechateaudelatour.fr\/fr\/wp-json\/wp\/v2\/temoignages\/2483\/revisions"}],"predecessor-version":[{"id":2485,"href":"https:\/\/www.lechateaudelatour.fr\/fr\/wp-json\/wp\/v2\/temoignages\/2483\/revisions\/2485"}],"wp:attachment":[{"href":"https:\/\/www.lechateaudelatour.fr\/fr\/wp-json\/wp\/v2\/media?parent=2483"}],"curies":[{"name":"wp","href":"https:\/\/api.w.org\/{rel}","templated":true}]}}